{"id":425,"date":"2024-08-29T10:44:20","date_gmt":"2024-08-29T08:44:20","guid":{"rendered":"https:\/\/www.lindforsarkitekt.se\/?page_id=425"},"modified":"2024-09-11T09:33:56","modified_gmt":"2024-09-11T07:33:56","slug":"villa-kungsladugard","status":"publish","type":"page","link":"https:\/\/www.lindforsarkitekt.se\/?page_id=425","title":{"rendered":"Villa Kungsladug\u00e5rd"},"content":{"rendered":"\n<p>Villa d\u00e4r takkupor byggt om och eternitfasad tagits bort. Fasaden har \u00e5terst\u00e4llts till det ursprungliga utseendet med tr\u00e4panel, pilastrar och andra fasaddekorationer. <\/p>\n\n\n\n<p>De befintliga takkuporna,var svartbyggda och uppfyllde inte Stadsbyggnadskontorets krav p\u00e5 utformning, Kuporna har byggts om och anpassats till husets och omr\u00e5dets karakt\u00e4r i enlighet med Stadsbyggnadskontorets krav.<\/p>\n\n\n\n<figure class=\"wp-block-gallery alignwide has-nested-images columns-default is-cropped wp-block-gallery-1 is-layout-flex wp-block-gallery-is-layout-flex\">\n<figure class=\"wp-block-image size-large\"><img loading=\"lazy\" decoding=\"async\" width=\"828\" height=\"807\" data-id=\"426\" src=\"https:\/\/www.lindforsarkitekt.se\/wp-content\/uploads\/2024\/08\/Klinten-4-1.jpg\" alt=\"\" class=\"wp-image-426\" srcset=\"https:\/\/www.lindforsarkitekt.se\/wp-content\/uploads\/2024\/08\/Klinten-4-1.jpg 828w, https:\/\/www.lindforsarkitekt.se\/wp-content\/uploads\/2024\/08\/Klinten-4-1-300x292.jpg 300w, https:\/\/www.lindforsarkitekt.se\/wp-content\/uploads\/2024\/08\/Klinten-4-1-768x749.jpg 768w, https:\/\/www.lindforsarkitekt.se\/wp-content\/uploads\/2024\/08\/Klinten-4-1-600x585.jpg 600w\" sizes=\"auto, (max-width: 828px) 100vw, 828px\" \/><\/figure>\n\n\n\n<figure class=\"wp-block-image size-large\"><img loading=\"lazy\" decoding=\"async\" width=\"828\" height=\"814\" data-id=\"427\" src=\"https:\/\/www.lindforsarkitekt.se\/wp-content\/uploads\/2024\/08\/Klinten-3-1.jpg\" alt=\"\" class=\"wp-image-427\" srcset=\"https:\/\/www.lindforsarkitekt.se\/wp-content\/uploads\/2024\/08\/Klinten-3-1.jpg 828w, https:\/\/www.lindforsarkitekt.se\/wp-content\/uploads\/2024\/08\/Klinten-3-1-300x295.jpg 300w, https:\/\/www.lindforsarkitekt.se\/wp-content\/uploads\/2024\/08\/Klinten-3-1-768x755.jpg 768w, https:\/\/www.lindforsarkitekt.se\/wp-content\/uploads\/2024\/08\/Klinten-3-1-600x590.jpg 600w\" sizes=\"auto, (max-width: 828px) 100vw, 828px\" \/><\/figure>\n\n\n\n<figure class=\"wp-block-image size-large\"><img loading=\"lazy\" decoding=\"async\" width=\"828\" height=\"823\" data-id=\"428\" src=\"https:\/\/www.lindforsarkitekt.se\/wp-content\/uploads\/2024\/08\/Klinten-5-1.jpg\" alt=\"\" class=\"wp-image-428\" srcset=\"https:\/\/www.lindforsarkitekt.se\/wp-content\/uploads\/2024\/08\/Klinten-5-1.jpg 828w, https:\/\/www.lindforsarkitekt.se\/wp-content\/uploads\/2024\/08\/Klinten-5-1-300x298.jpg 300w, https:\/\/www.lindforsarkitekt.se\/wp-content\/uploads\/2024\/08\/Klinten-5-1-150x150.jpg 150w, https:\/\/www.lindforsarkitekt.se\/wp-content\/uploads\/2024\/08\/Klinten-5-1-768x763.jpg 768w, https:\/\/www.lindforsarkitekt.se\/wp-content\/uploads\/2024\/08\/Klinten-5-1-100x100.jpg 100w, https:\/\/www.lindforsarkitekt.se\/wp-content\/uploads\/2024\/08\/Klinten-5-1-600x596.jpg 600w\" sizes=\"auto, (max-width: 828px) 100vw, 828px\" \/><\/figure>\n\n\n\n<figure class=\"wp-block-image size-large\"><img loading=\"lazy\" decoding=\"async\" width=\"1024\" height=\"607\" data-id=\"430\" src=\"https:\/\/www.lindforsarkitekt.se\/wp-content\/uploads\/2024\/08\/Klinten-FORE1-1-1024x607.jpg\" alt=\"\" class=\"wp-image-430\" srcset=\"https:\/\/www.lindforsarkitekt.se\/wp-content\/uploads\/2024\/08\/Klinten-FORE1-1-1024x607.jpg 1024w, https:\/\/www.lindforsarkitekt.se\/wp-content\/uploads\/2024\/08\/Klinten-FORE1-1-300x178.jpg 300w, https:\/\/www.lindforsarkitekt.se\/wp-content\/uploads\/2024\/08\/Klinten-FORE1-1-768x455.jpg 768w, https:\/\/www.lindforsarkitekt.se\/wp-content\/uploads\/2024\/08\/Klinten-FORE1-1-1536x910.jpg 1536w, https:\/\/www.lindforsarkitekt.se\/wp-content\/uploads\/2024\/08\/Klinten-FORE1-1-2048x1214.jpg 2048w, https:\/\/www.lindforsarkitekt.se\/wp-content\/uploads\/2024\/08\/Klinten-FORE1-1-600x356.jpg 600w, https:\/\/www.lindforsarkitekt.se\/wp-content\/uploads\/2024\/08\/Klinten-FORE1-1-1200x711.jpg 1200w\" sizes=\"auto, (max-width: 1024px) 100vw, 1024px\" \/><\/figure>\n\n\n\n<figure class=\"wp-block-image size-large\"><img loading=\"lazy\" decoding=\"async\" width=\"827\" height=\"827\" data-id=\"429\" src=\"https:\/\/www.lindforsarkitekt.se\/wp-content\/uploads\/2024\/08\/Klinten-FORE2-1.jpg\" alt=\"\" class=\"wp-image-429\" srcset=\"https:\/\/www.lindforsarkitekt.se\/wp-content\/uploads\/2024\/08\/Klinten-FORE2-1.jpg 827w, https:\/\/www.lindforsarkitekt.se\/wp-content\/uploads\/2024\/08\/Klinten-FORE2-1-300x300.jpg 300w, https:\/\/www.lindforsarkitekt.se\/wp-content\/uploads\/2024\/08\/Klinten-FORE2-1-150x150.jpg 150w, https:\/\/www.lindforsarkitekt.se\/wp-content\/uploads\/2024\/08\/Klinten-FORE2-1-768x768.jpg 768w, https:\/\/www.lindforsarkitekt.se\/wp-content\/uploads\/2024\/08\/Klinten-FORE2-1-100x100.jpg 100w, https:\/\/www.lindforsarkitekt.se\/wp-content\/uploads\/2024\/08\/Klinten-FORE2-1-600x600.jpg 600w, https:\/\/www.lindforsarkitekt.se\/wp-content\/uploads\/2024\/08\/Klinten-FORE2-1-800x800.jpg 800w\" sizes=\"auto, (max-width: 827px) 100vw, 827px\" \/><\/figure>\n\n\n\n<figure class=\"wp-block-image size-large\"><img loading=\"lazy\" decoding=\"async\" width=\"1024\" height=\"750\" data-id=\"431\" src=\"https:\/\/www.lindforsarkitekt.se\/wp-content\/uploads\/2024\/08\/Klinten-FORE5-1-1024x750.jpg\" alt=\"\" class=\"wp-image-431\" srcset=\"https:\/\/www.lindforsarkitekt.se\/wp-content\/uploads\/2024\/08\/Klinten-FORE5-1-1024x750.jpg 1024w, https:\/\/www.lindforsarkitekt.se\/wp-content\/uploads\/2024\/08\/Klinten-FORE5-1-300x220.jpg 300w, https:\/\/www.lindforsarkitekt.se\/wp-content\/uploads\/2024\/08\/Klinten-FORE5-1-768x563.jpg 768w, https:\/\/www.lindforsarkitekt.se\/wp-content\/uploads\/2024\/08\/Klinten-FORE5-1-1536x1125.jpg 1536w, https:\/\/www.lindforsarkitekt.se\/wp-content\/uploads\/2024\/08\/Klinten-FORE5-1-600x440.jpg 600w, https:\/\/www.lindforsarkitekt.se\/wp-content\/uploads\/2024\/08\/Klinten-FORE5-1-1200x879.jpg 1200w, https:\/\/www.lindforsarkitekt.se\/wp-content\/uploads\/2024\/08\/Klinten-FORE5-1.jpg 1904w\" sizes=\"auto, (max-width: 1024px) 100vw, 1024px\" \/><\/figure>\n<\/figure>\n\n\n\n<p><\/p>\n","protected":false},"excerpt":{"rendered":"<p>Villa d\u00e4r takkupor byggt om och eternitfasad tagits bort. Fasaden har \u00e5terst\u00e4llts till det ursprungliga utseendet med tr\u00e4panel, pilastrar och andra fasaddekorationer. De befintliga takkuporna,var svartbyggda och uppfyllde inte Stadsbyggnadskontorets krav p\u00e5 utformning, Kuporna har byggts om och anpassats till husets och omr\u00e5dets karakt\u00e4r i enlighet med Stadsbyggnadskontorets krav.<\/p>\n","protected":false},"author":1,"featured_media":599,"parent":0,"menu_order":0,"comment_status":"closed","ping_status":"closed","template":"","meta":{"_monsterinsights_skip_tracking":false,"_monsterinsights_sitenote_active":false,"_monsterinsights_sitenote_note":"","_monsterinsights_sitenote_category":0,"footnotes":""},"class_list":["post-425","page","type-page","status-publish","has-post-thumbnail","hentry"],"yoast_head":"<!-- This site is optimized with the Yoast SEO plugin v27.5 - https:\/\/yoast.com\/product\/yoast-seo-wordpress\/ -->\n<title>Villa Kungsladug\u00e5rd - Lindfors Arkitektkontor AB<\/title>\n<meta name=\"robots\" content=\"index, follow, max-snippet:-1, max-image-preview:large, max-video-preview:-1\" \/>\n<link rel=\"canonical\" href=\"https:\/\/www.lindforsarkitekt.se\/?page_id=425\" \/>\n<meta property=\"og:locale\" content=\"sv_SE\" \/>\n<meta property=\"og:type\" content=\"article\" \/>\n<meta property=\"og:title\" content=\"Villa Kungsladug\u00e5rd - Lindfors Arkitektkontor AB\" \/>\n<meta property=\"og:description\" content=\"Villa d\u00e4r takkupor byggt om och eternitfasad tagits bort. Fasaden har \u00e5terst\u00e4llts till det ursprungliga utseendet med tr\u00e4panel, pilastrar och andra fasaddekorationer. De befintliga takkuporna,var svartbyggda och uppfyllde inte Stadsbyggnadskontorets krav p\u00e5 utformning, Kuporna har byggts om och anpassats till husets och omr\u00e5dets karakt\u00e4r i enlighet med Stadsbyggnadskontorets krav.\" \/>\n<meta property=\"og:url\" content=\"https:\/\/www.lindforsarkitekt.se\/?page_id=425\" \/>\n<meta property=\"og:site_name\" content=\"Lindfors Arkitektkontor AB\" \/>\n<meta property=\"article:modified_time\" content=\"2024-09-11T07:33:56+00:00\" \/>\n<meta property=\"og:image\" content=\"https:\/\/www.lindforsarkitekt.se\/wp-content\/uploads\/2024\/09\/Klinten-8.jpg\" \/>\n\t<meta property=\"og:image:width\" content=\"2060\" \/>\n\t<meta property=\"og:image:height\" content=\"1792\" \/>\n\t<meta property=\"og:image:type\" content=\"image\/jpeg\" \/>\n<meta name=\"twitter:card\" content=\"summary_large_image\" \/>\n<meta name=\"twitter:label1\" content=\"Ber\u00e4knad l\u00e4stid\" \/>\n\t<meta name=\"twitter:data1\" content=\"2 minuter\" \/>\n<script type=\"application\/ld+json\" class=\"yoast-schema-graph\">{\"@context\":\"https:\\\/\\\/schema.org\",\"@graph\":[{\"@type\":\"WebPage\",\"@id\":\"https:\\\/\\\/www.lindforsarkitekt.se\\\/?page_id=425\",\"url\":\"https:\\\/\\\/www.lindforsarkitekt.se\\\/?page_id=425\",\"name\":\"Villa Kungsladug\u00e5rd - Lindfors Arkitektkontor AB\",\"isPartOf\":{\"@id\":\"https:\\\/\\\/www.lindforsarkitekt.se\\\/#website\"},\"primaryImageOfPage\":{\"@id\":\"https:\\\/\\\/www.lindforsarkitekt.se\\\/?page_id=425#primaryimage\"},\"image\":{\"@id\":\"https:\\\/\\\/www.lindforsarkitekt.se\\\/?page_id=425#primaryimage\"},\"thumbnailUrl\":\"https:\\\/\\\/www.lindforsarkitekt.se\\\/wp-content\\\/uploads\\\/2024\\\/09\\\/Klinten-8.jpg\",\"datePublished\":\"2024-08-29T08:44:20+00:00\",\"dateModified\":\"2024-09-11T07:33:56+00:00\",\"breadcrumb\":{\"@id\":\"https:\\\/\\\/www.lindforsarkitekt.se\\\/?page_id=425#breadcrumb\"},\"inLanguage\":\"sv-SE\",\"potentialAction\":[{\"@type\":\"ReadAction\",\"target\":[\"https:\\\/\\\/www.lindforsarkitekt.se\\\/?page_id=425\"]}]},{\"@type\":\"ImageObject\",\"inLanguage\":\"sv-SE\",\"@id\":\"https:\\\/\\\/www.lindforsarkitekt.se\\\/?page_id=425#primaryimage\",\"url\":\"https:\\\/\\\/www.lindforsarkitekt.se\\\/wp-content\\\/uploads\\\/2024\\\/09\\\/Klinten-8.jpg\",\"contentUrl\":\"https:\\\/\\\/www.lindforsarkitekt.se\\\/wp-content\\\/uploads\\\/2024\\\/09\\\/Klinten-8.jpg\",\"width\":2060,\"height\":1792,\"caption\":\"Fasadf\u00f6r\u00e4ndring vill i Kungsladug\u00e5rd\"},{\"@type\":\"BreadcrumbList\",\"@id\":\"https:\\\/\\\/www.lindforsarkitekt.se\\\/?page_id=425#breadcrumb\",\"itemListElement\":[{\"@type\":\"ListItem\",\"position\":1,\"name\":\"Home\",\"item\":\"https:\\\/\\\/www.lindforsarkitekt.se\\\/\"},{\"@type\":\"ListItem\",\"position\":2,\"name\":\"Villa Kungsladug\u00e5rd\"}]},{\"@type\":\"WebSite\",\"@id\":\"https:\\\/\\\/www.lindforsarkitekt.se\\\/#website\",\"url\":\"https:\\\/\\\/www.lindforsarkitekt.se\\\/\",\"name\":\"Lindfors Arkitektkontor AB\",\"description\":\"\",\"publisher\":{\"@id\":\"https:\\\/\\\/www.lindforsarkitekt.se\\\/#organization\"},\"potentialAction\":[{\"@type\":\"SearchAction\",\"target\":{\"@type\":\"EntryPoint\",\"urlTemplate\":\"https:\\\/\\\/www.lindforsarkitekt.se\\\/?s={search_term_string}\"},\"query-input\":{\"@type\":\"PropertyValueSpecification\",\"valueRequired\":true,\"valueName\":\"search_term_string\"}}],\"inLanguage\":\"sv-SE\"},{\"@type\":\"Organization\",\"@id\":\"https:\\\/\\\/www.lindforsarkitekt.se\\\/#organization\",\"name\":\"Lindfors Arkitektkontor AB\",\"url\":\"https:\\\/\\\/www.lindforsarkitekt.se\\\/\",\"logo\":{\"@type\":\"ImageObject\",\"inLanguage\":\"sv-SE\",\"@id\":\"https:\\\/\\\/www.lindforsarkitekt.se\\\/#\\\/schema\\\/logo\\\/image\\\/\",\"url\":\"https:\\\/\\\/www.lindforsarkitekt.se\\\/wp-content\\\/uploads\\\/2024\\\/08\\\/Lindfors-logo_vit_utan-linje.png\",\"contentUrl\":\"https:\\\/\\\/www.lindforsarkitekt.se\\\/wp-content\\\/uploads\\\/2024\\\/08\\\/Lindfors-logo_vit_utan-linje.png\",\"width\":5942,\"height\":1226,\"caption\":\"Lindfors Arkitektkontor AB\"},\"image\":{\"@id\":\"https:\\\/\\\/www.lindforsarkitekt.se\\\/#\\\/schema\\\/logo\\\/image\\\/\"}}]}<\/script>\n<!-- \/ Yoast SEO plugin. -->","yoast_head_json":{"title":"Villa Kungsladug\u00e5rd - Lindfors Arkitektkontor AB","robots":{"index":"index","follow":"follow","max-snippet":"max-snippet:-1","max-image-preview":"max-image-preview:large","max-video-preview":"max-video-preview:-1"},"canonical":"https:\/\/www.lindforsarkitekt.se\/?page_id=425","og_locale":"sv_SE","og_type":"article","og_title":"Villa Kungsladug\u00e5rd - Lindfors Arkitektkontor AB","og_description":"Villa d\u00e4r takkupor byggt om och eternitfasad tagits bort. Fasaden har \u00e5terst\u00e4llts till det ursprungliga utseendet med tr\u00e4panel, pilastrar och andra fasaddekorationer. De befintliga takkuporna,var svartbyggda och uppfyllde inte Stadsbyggnadskontorets krav p\u00e5 utformning, Kuporna har byggts om och anpassats till husets och omr\u00e5dets karakt\u00e4r i enlighet med Stadsbyggnadskontorets krav.","og_url":"https:\/\/www.lindforsarkitekt.se\/?page_id=425","og_site_name":"Lindfors Arkitektkontor AB","article_modified_time":"2024-09-11T07:33:56+00:00","og_image":[{"width":2060,"height":1792,"url":"https:\/\/www.lindforsarkitekt.se\/wp-content\/uploads\/2024\/09\/Klinten-8.jpg","type":"image\/jpeg"}],"twitter_card":"summary_large_image","twitter_misc":{"Ber\u00e4knad l\u00e4stid":"2 minuter"},"schema":{"@context":"https:\/\/schema.org","@graph":[{"@type":"WebPage","@id":"https:\/\/www.lindforsarkitekt.se\/?page_id=425","url":"https:\/\/www.lindforsarkitekt.se\/?page_id=425","name":"Villa Kungsladug\u00e5rd - Lindfors Arkitektkontor AB","isPartOf":{"@id":"https:\/\/www.lindforsarkitekt.se\/#website"},"primaryImageOfPage":{"@id":"https:\/\/www.lindforsarkitekt.se\/?page_id=425#primaryimage"},"image":{"@id":"https:\/\/www.lindforsarkitekt.se\/?page_id=425#primaryimage"},"thumbnailUrl":"https:\/\/www.lindforsarkitekt.se\/wp-content\/uploads\/2024\/09\/Klinten-8.jpg","datePublished":"2024-08-29T08:44:20+00:00","dateModified":"2024-09-11T07:33:56+00:00","breadcrumb":{"@id":"https:\/\/www.lindforsarkitekt.se\/?page_id=425#breadcrumb"},"inLanguage":"sv-SE","potentialAction":[{"@type":"ReadAction","target":["https:\/\/www.lindforsarkitekt.se\/?page_id=425"]}]},{"@type":"ImageObject","inLanguage":"sv-SE","@id":"https:\/\/www.lindforsarkitekt.se\/?page_id=425#primaryimage","url":"https:\/\/www.lindforsarkitekt.se\/wp-content\/uploads\/2024\/09\/Klinten-8.jpg","contentUrl":"https:\/\/www.lindforsarkitekt.se\/wp-content\/uploads\/2024\/09\/Klinten-8.jpg","width":2060,"height":1792,"caption":"Fasadf\u00f6r\u00e4ndring vill i Kungsladug\u00e5rd"},{"@type":"BreadcrumbList","@id":"https:\/\/www.lindforsarkitekt.se\/?page_id=425#breadcrumb","itemListElement":[{"@type":"ListItem","position":1,"name":"Home","item":"https:\/\/www.lindforsarkitekt.se\/"},{"@type":"ListItem","position":2,"name":"Villa Kungsladug\u00e5rd"}]},{"@type":"WebSite","@id":"https:\/\/www.lindforsarkitekt.se\/#website","url":"https:\/\/www.lindforsarkitekt.se\/","name":"Lindfors Arkitektkontor AB","description":"","publisher":{"@id":"https:\/\/www.lindforsarkitekt.se\/#organization"},"potentialAction":[{"@type":"SearchAction","target":{"@type":"EntryPoint","urlTemplate":"https:\/\/www.lindforsarkitekt.se\/?s={search_term_string}"},"query-input":{"@type":"PropertyValueSpecification","valueRequired":true,"valueName":"search_term_string"}}],"inLanguage":"sv-SE"},{"@type":"Organization","@id":"https:\/\/www.lindforsarkitekt.se\/#organization","name":"Lindfors Arkitektkontor AB","url":"https:\/\/www.lindforsarkitekt.se\/","logo":{"@type":"ImageObject","inLanguage":"sv-SE","@id":"https:\/\/www.lindforsarkitekt.se\/#\/schema\/logo\/image\/","url":"https:\/\/www.lindforsarkitekt.se\/wp-content\/uploads\/2024\/08\/Lindfors-logo_vit_utan-linje.png","contentUrl":"https:\/\/www.lindforsarkitekt.se\/wp-content\/uploads\/2024\/08\/Lindfors-logo_vit_utan-linje.png","width":5942,"height":1226,"caption":"Lindfors Arkitektkontor AB"},"image":{"@id":"https:\/\/www.lindforsarkitekt.se\/#\/schema\/logo\/image\/"}}]}},"featured_media_urls":{"thumbnail":["https:\/\/www.lindforsarkitekt.se\/wp-content\/uploads\/2024\/09\/Klinten-8-150x150.jpg",150,150,true],"medium":["https:\/\/www.lindforsarkitekt.se\/wp-content\/uploads\/2024\/09\/Klinten-8-300x261.jpg",300,261,true],"medium_large":["https:\/\/www.lindforsarkitekt.se\/wp-content\/uploads\/2024\/09\/Klinten-8.jpg",768,668,false],"large":["https:\/\/www.lindforsarkitekt.se\/wp-content\/uploads\/2024\/09\/Klinten-8-1024x891.jpg",950,827,true],"1536x1536":["https:\/\/www.lindforsarkitekt.se\/wp-content\/uploads\/2024\/09\/Klinten-8-1536x1336.jpg",1536,1336,true],"2048x2048":["https:\/\/www.lindforsarkitekt.se\/wp-content\/uploads\/2024\/09\/Klinten-8-2048x1782.jpg",2048,1782,true],"inspiro-featured-image":["https:\/\/www.lindforsarkitekt.se\/wp-content\/uploads\/2024\/09\/Klinten-8-2000x1740.jpg",2000,1740,true],"inspiro-loop":["https:\/\/www.lindforsarkitekt.se\/wp-content\/uploads\/2024\/09\/Klinten-8-950x320.jpg",950,320,true],"inspiro-loop@2x":["https:\/\/www.lindforsarkitekt.se\/wp-content\/uploads\/2024\/09\/Klinten-8-1900x640.jpg",1900,640,true],"portfolio_item-thumbnail":["https:\/\/www.lindforsarkitekt.se\/wp-content\/uploads\/2024\/09\/Klinten-8-600x400.jpg",600,400,true],"portfolio_item-thumbnail@2x":["https:\/\/www.lindforsarkitekt.se\/wp-content\/uploads\/2024\/09\/Klinten-8-1200x800.jpg",1200,800,true],"portfolio_item-masonry":["https:\/\/www.lindforsarkitekt.se\/wp-content\/uploads\/2024\/09\/Klinten-8-600x522.jpg",600,522,true],"portfolio_item-masonry@2x":["https:\/\/www.lindforsarkitekt.se\/wp-content\/uploads\/2024\/09\/Klinten-8-1200x1044.jpg",1200,1044,true],"portfolio_item-thumbnail_cinema":["https:\/\/www.lindforsarkitekt.se\/wp-content\/uploads\/2024\/09\/Klinten-8-800x335.jpg",800,335,true],"portfolio_item-thumbnail_portrait":["https:\/\/www.lindforsarkitekt.se\/wp-content\/uploads\/2024\/09\/Klinten-8-600x900.jpg",600,900,true],"portfolio_item-thumbnail_portrait@2x":["https:\/\/www.lindforsarkitekt.se\/wp-content\/uploads\/2024\/09\/Klinten-8-1200x1792.jpg",1200,1792,true],"portfolio_item-thumbnail_square":["https:\/\/www.lindforsarkitekt.se\/wp-content\/uploads\/2024\/09\/Klinten-8-800x800.jpg",800,800,true]},"_links":{"self":[{"href":"https:\/\/www.lindforsarkitekt.se\/index.php?rest_route=\/wp\/v2\/pages\/425","targetHints":{"allow":["GET"]}}],"collection":[{"href":"https:\/\/www.lindforsarkitekt.se\/index.php?rest_route=\/wp\/v2\/pages"}],"about":[{"href":"https:\/\/www.lindforsarkitekt.se\/index.php?rest_route=\/wp\/v2\/types\/page"}],"author":[{"embeddable":true,"href":"https:\/\/www.lindforsarkitekt.se\/index.php?rest_route=\/wp\/v2\/users\/1"}],"replies":[{"embeddable":true,"href":"https:\/\/www.lindforsarkitekt.se\/index.php?rest_route=%2Fwp%2Fv2%2Fcomments&post=425"}],"version-history":[{"count":4,"href":"https:\/\/www.lindforsarkitekt.se\/index.php?rest_route=\/wp\/v2\/pages\/425\/revisions"}],"predecessor-version":[{"id":692,"href":"https:\/\/www.lindforsarkitekt.se\/index.php?rest_route=\/wp\/v2\/pages\/425\/revisions\/692"}],"wp:featuredmedia":[{"embeddable":true,"href":"https:\/\/www.lindforsarkitekt.se\/index.php?rest_route=\/wp\/v2\/media\/599"}],"wp:attachment":[{"href":"https:\/\/www.lindforsarkitekt.se\/index.php?rest_route=%2Fwp%2Fv2%2Fmedia&parent=425"}],"curies":[{"name":"wp","href":"https:\/\/api.w.org\/{rel}","templated":true}]}}