{"id":134,"date":"2024-08-26T10:40:53","date_gmt":"2024-08-26T08:40:53","guid":{"rendered":"https:\/\/www.lindforsarkitekt.se\/?page_id=134"},"modified":"2026-04-27T15:57:19","modified_gmt":"2026-04-27T13:57:19","slug":"infolindforsarkitekt-se","status":"publish","type":"page","link":"https:\/\/www.lindforsarkitekt.se\/","title":{"rendered":"Projekt"},"content":{"rendered":"\n<figure class=\"wp-block-gallery has-nested-images columns-default is-cropped wp-block-gallery-1 is-layout-flex wp-block-gallery-is-layout-flex\">\n<figure class=\"wp-block-image size-large\"><a href=\"https:\/\/www.lindforsarkitekt.se\/?page_id=697\"><img loading=\"lazy\" decoding=\"async\" width=\"1024\" height=\"576\" data-id=\"700\" src=\"https:\/\/www.lindforsarkitekt.se\/wp-content\/uploads\/2026\/04\/8-edited-1024x576.jpg\" alt=\"\" class=\"wp-image-700\" srcset=\"https:\/\/www.lindforsarkitekt.se\/wp-content\/uploads\/2026\/04\/8-edited-1024x576.jpg 1024w, https:\/\/www.lindforsarkitekt.se\/wp-content\/uploads\/2026\/04\/8-edited-300x169.jpg 300w, https:\/\/www.lindforsarkitekt.se\/wp-content\/uploads\/2026\/04\/8-edited-600x338.jpg 600w, https:\/\/www.lindforsarkitekt.se\/wp-content\/uploads\/2026\/04\/8-edited-1200x675.jpg 1200w, https:\/\/www.lindforsarkitekt.se\/wp-content\/uploads\/2026\/04\/8-edited.jpg 1306w\" sizes=\"auto, (max-width: 1024px) 100vw, 1024px\" \/><\/a><figcaption class=\"wp-element-caption\">Om- och tillbyggnad Skogskapellet Kungsbacka<\/figcaption><\/figure>\n\n\n\n<figure class=\"wp-block-image size-large\"><a href=\"https:\/\/www.lindforsarkitekt.se\/?page_id=487\"><img loading=\"lazy\" decoding=\"async\" width=\"1024\" height=\"615\" data-id=\"526\" src=\"https:\/\/www.lindforsarkitekt.se\/wp-content\/uploads\/2024\/08\/cropped-Anlita_Arkitekt_Lindfors_Cragg_17-1024x615.jpg\" alt=\"\" class=\"wp-image-526\" srcset=\"https:\/\/www.lindforsarkitekt.se\/wp-content\/uploads\/2024\/08\/cropped-Anlita_Arkitekt_Lindfors_Cragg_17-1024x615.jpg 1024w, https:\/\/www.lindforsarkitekt.se\/wp-content\/uploads\/2024\/08\/cropped-Anlita_Arkitekt_Lindfors_Cragg_17-300x180.jpg 300w, https:\/\/www.lindforsarkitekt.se\/wp-content\/uploads\/2024\/08\/cropped-Anlita_Arkitekt_Lindfors_Cragg_17.jpg 2000w\" sizes=\"auto, (max-width: 1024px) 100vw, 1024px\" \/><\/a><figcaption class=\"wp-element-caption\">Fritidshus p\u00e5 Tj\u00f6rn<\/figcaption><\/figure>\n\n\n\n<figure class=\"wp-block-image size-large\"><a href=\"https:\/\/www.lindforsarkitekt.se\/?page_id=280\"><img loading=\"lazy\" decoding=\"async\" width=\"1024\" height=\"683\" data-id=\"621\" src=\"https:\/\/www.lindforsarkitekt.se\/wp-content\/uploads\/2024\/09\/Anlita_arkitekt_Lindfors_Fassberg_4-1024x683.jpg\" alt=\"\" class=\"wp-image-621\" srcset=\"https:\/\/www.lindforsarkitekt.se\/wp-content\/uploads\/2024\/09\/Anlita_arkitekt_Lindfors_Fassberg_4-1024x683.jpg 1024w, https:\/\/www.lindforsarkitekt.se\/wp-content\/uploads\/2024\/09\/Anlita_arkitekt_Lindfors_Fassberg_4-300x200.jpg 300w, https:\/\/www.lindforsarkitekt.se\/wp-content\/uploads\/2024\/09\/Anlita_arkitekt_Lindfors_Fassberg_4-2000x1333.jpg 2000w, https:\/\/www.lindforsarkitekt.se\/wp-content\/uploads\/2024\/09\/Anlita_arkitekt_Lindfors_Fassberg_4-scaled-1536x1024.jpg 1536w, https:\/\/www.lindforsarkitekt.se\/wp-content\/uploads\/2024\/09\/Anlita_arkitekt_Lindfors_Fassberg_4-scaled-2048x1366.jpg 2048w, https:\/\/www.lindforsarkitekt.se\/wp-content\/uploads\/2024\/09\/Anlita_arkitekt_Lindfors_Fassberg_4-scaled-600x400.jpg 600w, https:\/\/www.lindforsarkitekt.se\/wp-content\/uploads\/2024\/09\/Anlita_arkitekt_Lindfors_Fassberg_4-scaled-1200x800.jpg 1200w\" sizes=\"auto, (max-width: 1024px) 100vw, 1024px\" \/><\/a><figcaption class=\"wp-element-caption\">Tillbyggnad F\u00e4ssbergs F\u00f6rsamlingshem<\/figcaption><\/figure>\n\n\n\n<figure class=\"wp-block-image size-large\"><a href=\"https:\/\/www.lindforsarkitekt.se\/?page_id=294\"><img loading=\"lazy\" decoding=\"async\" width=\"827\" height=\"827\" data-id=\"548\" src=\"https:\/\/www.lindforsarkitekt.se\/wp-content\/uploads\/2024\/08\/Thumb-Skara.jpg\" alt=\"\" class=\"wp-image-548\" srcset=\"https:\/\/www.lindforsarkitekt.se\/wp-content\/uploads\/2024\/08\/Thumb-Skara.jpg 827w, https:\/\/www.lindforsarkitekt.se\/wp-content\/uploads\/2024\/08\/Thumb-Skara-300x300.jpg 300w, https:\/\/www.lindforsarkitekt.se\/wp-content\/uploads\/2024\/08\/Thumb-Skara-150x150.jpg 150w, https:\/\/www.lindforsarkitekt.se\/wp-content\/uploads\/2024\/08\/Thumb-Skara-600x600.jpg 600w, https:\/\/www.lindforsarkitekt.se\/wp-content\/uploads\/2024\/08\/Thumb-Skara-800x800.jpg 800w\" sizes=\"auto, (max-width: 827px) 100vw, 827px\" \/><\/a><figcaption class=\"wp-element-caption\">Ombyggnad till Stadshus Skara<\/figcaption><\/figure>\n\n\n\n<figure class=\"wp-block-image size-large\"><a href=\"https:\/\/www.lindforsarkitekt.se\/?page_id=344\"><img loading=\"lazy\" decoding=\"async\" width=\"827\" height=\"827\" data-id=\"260\" src=\"https:\/\/www.lindforsarkitekt.se\/wp-content\/uploads\/2024\/08\/Kyrkor2.jpg\" alt=\"\" class=\"wp-image-260\" srcset=\"https:\/\/www.lindforsarkitekt.se\/wp-content\/uploads\/2024\/08\/Kyrkor2.jpg 827w, https:\/\/www.lindforsarkitekt.se\/wp-content\/uploads\/2024\/08\/Kyrkor2-300x300.jpg 300w, https:\/\/www.lindforsarkitekt.se\/wp-content\/uploads\/2024\/08\/Kyrkor2-150x150.jpg 150w, https:\/\/www.lindforsarkitekt.se\/wp-content\/uploads\/2024\/08\/Kyrkor2-768x768.jpg 768w, https:\/\/www.lindforsarkitekt.se\/wp-content\/uploads\/2024\/08\/Kyrkor2-100x100.jpg 100w, https:\/\/www.lindforsarkitekt.se\/wp-content\/uploads\/2024\/08\/Kyrkor2-600x600.jpg 600w, https:\/\/www.lindforsarkitekt.se\/wp-content\/uploads\/2024\/08\/Kyrkor2-800x800.jpg 800w\" sizes=\"auto, (max-width: 827px) 100vw, 827px\" \/><\/a><figcaption class=\"wp-element-caption\">Nybyggnad  Vallersvikkyrkan<\/figcaption><\/figure>\n\n\n\n<figure class=\"wp-block-image size-large\"><a href=\"https:\/\/www.lindforsarkitekt.se\/?page_id=425\"><img loading=\"lazy\" decoding=\"async\" width=\"1024\" height=\"891\" data-id=\"599\" src=\"https:\/\/www.lindforsarkitekt.se\/wp-content\/uploads\/2024\/09\/Klinten-8-1024x891.jpg\" alt=\"\" class=\"wp-image-599\" srcset=\"https:\/\/www.lindforsarkitekt.se\/wp-content\/uploads\/2024\/09\/Klinten-8-1024x891.jpg 1024w, https:\/\/www.lindforsarkitekt.se\/wp-content\/uploads\/2024\/09\/Klinten-8-300x261.jpg 300w, https:\/\/www.lindforsarkitekt.se\/wp-content\/uploads\/2024\/09\/Klinten-8-2000x1740.jpg 2000w, https:\/\/www.lindforsarkitekt.se\/wp-content\/uploads\/2024\/09\/Klinten-8-1536x1336.jpg 1536w, https:\/\/www.lindforsarkitekt.se\/wp-content\/uploads\/2024\/09\/Klinten-8-2048x1782.jpg 2048w, https:\/\/www.lindforsarkitekt.se\/wp-content\/uploads\/2024\/09\/Klinten-8-600x522.jpg 600w, https:\/\/www.lindforsarkitekt.se\/wp-content\/uploads\/2024\/09\/Klinten-8-1200x1044.jpg 1200w\" sizes=\"auto, (max-width: 1024px) 100vw, 1024px\" \/><\/a><figcaption class=\"wp-element-caption\">Fasadrenovering Villa Kungsladug\u00e5rd<\/figcaption><\/figure>\n\n\n\n<figure class=\"wp-block-image size-large\"><a href=\"https:\/\/www.lindforsarkitekt.se\/?page_id=557\"><img loading=\"lazy\" decoding=\"async\" width=\"827\" height=\"827\" data-id=\"263\" src=\"https:\/\/www.lindforsarkitekt.se\/wp-content\/uploads\/2024\/08\/Villor-4.jpg\" alt=\"\" class=\"wp-image-263\" srcset=\"https:\/\/www.lindforsarkitekt.se\/wp-content\/uploads\/2024\/08\/Villor-4.jpg 827w, https:\/\/www.lindforsarkitekt.se\/wp-content\/uploads\/2024\/08\/Villor-4-300x300.jpg 300w, https:\/\/www.lindforsarkitekt.se\/wp-content\/uploads\/2024\/08\/Villor-4-150x150.jpg 150w, https:\/\/www.lindforsarkitekt.se\/wp-content\/uploads\/2024\/08\/Villor-4-768x768.jpg 768w, https:\/\/www.lindforsarkitekt.se\/wp-content\/uploads\/2024\/08\/Villor-4-100x100.jpg 100w, https:\/\/www.lindforsarkitekt.se\/wp-content\/uploads\/2024\/08\/Villor-4-600x600.jpg 600w, https:\/\/www.lindforsarkitekt.se\/wp-content\/uploads\/2024\/08\/Villor-4-800x800.jpg 800w\" sizes=\"auto, (max-width: 827px) 100vw, 827px\" \/><\/a><figcaption class=\"wp-element-caption\">Atelj\u00e9 och bostad p\u00e5 Tj\u00f6rn<\/figcaption><\/figure>\n\n\n\n<figure class=\"wp-block-image size-large\"><a href=\"https:\/\/www.lindforsarkitekt.se\/?page_id=753\"><img loading=\"lazy\" decoding=\"async\" width=\"1024\" height=\"683\" data-id=\"754\" src=\"https:\/\/www.lindforsarkitekt.se\/wp-content\/uploads\/2026\/04\/Anlita_Arkitekt_Lindfors_Cragg_11-edited-1024x683.jpg\" alt=\"\" class=\"wp-image-754\" srcset=\"https:\/\/www.lindforsarkitekt.se\/wp-content\/uploads\/2026\/04\/Anlita_Arkitekt_Lindfors_Cragg_11-edited-1024x683.jpg 1024w, https:\/\/www.lindforsarkitekt.se\/wp-content\/uploads\/2026\/04\/Anlita_Arkitekt_Lindfors_Cragg_11-edited-300x200.jpg 300w, https:\/\/www.lindforsarkitekt.se\/wp-content\/uploads\/2026\/04\/Anlita_Arkitekt_Lindfors_Cragg_11-edited-600x400.jpg 600w, https:\/\/www.lindforsarkitekt.se\/wp-content\/uploads\/2026\/04\/Anlita_Arkitekt_Lindfors_Cragg_11-edited-1200x800.jpg 1200w, https:\/\/www.lindforsarkitekt.se\/wp-content\/uploads\/2026\/04\/Anlita_Arkitekt_Lindfors_Cragg_11-edited.jpg 1299w\" sizes=\"auto, (max-width: 1024px) 100vw, 1024px\" \/><\/a><figcaption class=\"wp-element-caption\">Villa p\u00e5 Tj\u00f6rn<\/figcaption><\/figure>\n\n\n\n<figure class=\"wp-block-image size-large\"><a href=\"https:\/\/www.lindforsarkitekt.se\/?page_id=482\"><img loading=\"lazy\" decoding=\"async\" width=\"1000\" height=\"597\" data-id=\"471\" src=\"https:\/\/www.lindforsarkitekt.se\/wp-content\/uploads\/2024\/08\/Silentia-fasad.jpg\" alt=\"\" class=\"wp-image-471\" srcset=\"https:\/\/www.lindforsarkitekt.se\/wp-content\/uploads\/2024\/08\/Silentia-fasad.jpg 1000w, https:\/\/www.lindforsarkitekt.se\/wp-content\/uploads\/2024\/08\/Silentia-fasad-300x179.jpg 300w\" sizes=\"auto, (max-width: 1000px) 100vw, 1000px\" \/><\/a><figcaption class=\"wp-element-caption\">Nybyggnad industri \/ kontor Falkenberg<\/figcaption><\/figure>\n\n\n\n<figure class=\"wp-block-image size-large\"><img loading=\"lazy\" decoding=\"async\" width=\"1024\" height=\"618\" data-id=\"176\" src=\"https:\/\/www.lindforsarkitekt.se\/wp-content\/uploads\/2024\/08\/anlita-arkitekt-lindfors-arkitektkontor-lindomeFC1-1-1024x618.jpg\" alt=\"\" class=\"wp-image-176\" srcset=\"https:\/\/www.lindforsarkitekt.se\/wp-content\/uploads\/2024\/08\/anlita-arkitekt-lindfors-arkitektkontor-lindomeFC1-1-1024x618.jpg 1024w, https:\/\/www.lindforsarkitekt.se\/wp-content\/uploads\/2024\/08\/anlita-arkitekt-lindfors-arkitektkontor-lindomeFC1-1-300x181.jpg 300w, https:\/\/www.lindforsarkitekt.se\/wp-content\/uploads\/2024\/08\/anlita-arkitekt-lindfors-arkitektkontor-lindomeFC1-1-768x463.jpg 768w, https:\/\/www.lindforsarkitekt.se\/wp-content\/uploads\/2024\/08\/anlita-arkitekt-lindfors-arkitektkontor-lindomeFC1-1-1536x927.jpg 1536w, https:\/\/www.lindforsarkitekt.se\/wp-content\/uploads\/2024\/08\/anlita-arkitekt-lindfors-arkitektkontor-lindomeFC1-1-600x362.jpg 600w, https:\/\/www.lindforsarkitekt.se\/wp-content\/uploads\/2024\/08\/anlita-arkitekt-lindfors-arkitektkontor-lindomeFC1-1-1200x724.jpg 1200w, https:\/\/www.lindforsarkitekt.se\/wp-content\/uploads\/2024\/08\/anlita-arkitekt-lindfors-arkitektkontor-lindomeFC1-1.jpg 1981w\" sizes=\"auto, (max-width: 1024px) 100vw, 1024px\" \/><figcaption class=\"wp-element-caption\">Lindome F\u00f6rsamlingshem<\/figcaption><\/figure>\n\n\n\n<figure class=\"wp-block-image size-large\"><a href=\"https:\/\/www.lindforsarkitekt.se\/?page_id=332\"><img loading=\"lazy\" decoding=\"async\" width=\"617\" height=\"588\" data-id=\"253\" src=\"https:\/\/www.lindforsarkitekt.se\/wp-content\/uploads\/2024\/08\/Kontor2-1-e1724758526823.jpg\" alt=\"\" class=\"wp-image-253\" srcset=\"https:\/\/www.lindforsarkitekt.se\/wp-content\/uploads\/2024\/08\/Kontor2-1-e1724758526823.jpg 617w, https:\/\/www.lindforsarkitekt.se\/wp-content\/uploads\/2024\/08\/Kontor2-1-e1724758526823-300x286.jpg 300w, https:\/\/www.lindforsarkitekt.se\/wp-content\/uploads\/2024\/08\/Kontor2-1-e1724758526823-600x572.jpg 600w\" sizes=\"auto, (max-width: 617px) 100vw, 617px\" \/><\/a><figcaption class=\"wp-element-caption\">Ombyggnad kontor<\/figcaption><\/figure>\n\n\n\n<figure class=\"wp-block-image size-large\"><a href=\"https:\/\/www.lindforsarkitekt.se\/?page_id=216\"><img loading=\"lazy\" decoding=\"async\" width=\"827\" height=\"827\" data-id=\"296\" src=\"https:\/\/www.lindforsarkitekt.se\/wp-content\/uploads\/2024\/08\/Kungalvs-stadshus1.jpg\" alt=\"\" class=\"wp-image-296\" srcset=\"https:\/\/www.lindforsarkitekt.se\/wp-content\/uploads\/2024\/08\/Kungalvs-stadshus1.jpg 827w, https:\/\/www.lindforsarkitekt.se\/wp-content\/uploads\/2024\/08\/Kungalvs-stadshus1-300x300.jpg 300w, https:\/\/www.lindforsarkitekt.se\/wp-content\/uploads\/2024\/08\/Kungalvs-stadshus1-150x150.jpg 150w, https:\/\/www.lindforsarkitekt.se\/wp-content\/uploads\/2024\/08\/Kungalvs-stadshus1-768x768.jpg 768w, https:\/\/www.lindforsarkitekt.se\/wp-content\/uploads\/2024\/08\/Kungalvs-stadshus1-100x100.jpg 100w, https:\/\/www.lindforsarkitekt.se\/wp-content\/uploads\/2024\/08\/Kungalvs-stadshus1-600x600.jpg 600w, https:\/\/www.lindforsarkitekt.se\/wp-content\/uploads\/2024\/08\/Kungalvs-stadshus1-800x800.jpg 800w\" sizes=\"auto, (max-width: 827px) 100vw, 827px\" \/><\/a><figcaption class=\"wp-element-caption\">Ombyggnad Kung\u00e4lvs Stadshus<\/figcaption><\/figure>\n\n\n\n<figure class=\"wp-block-image size-large\"><a href=\"https:\/\/www.lindforsarkitekt.se\/?page_id=507\"><img loading=\"lazy\" decoding=\"async\" width=\"1000\" height=\"667\" data-id=\"629\" src=\"https:\/\/www.lindforsarkitekt.se\/wp-content\/uploads\/2024\/09\/HubLR-1.jpg\" alt=\"\" class=\"wp-image-629\" srcset=\"https:\/\/www.lindforsarkitekt.se\/wp-content\/uploads\/2024\/09\/HubLR-1.jpg 1000w, https:\/\/www.lindforsarkitekt.se\/wp-content\/uploads\/2024\/09\/HubLR-1-300x200.jpg 300w, https:\/\/www.lindforsarkitekt.se\/wp-content\/uploads\/2024\/09\/HubLR-1-600x400.jpg 600w\" sizes=\"auto, (max-width: 1000px) 100vw, 1000px\" \/><\/a><figcaption class=\"wp-element-caption\">Ombyggnader Kroksl\u00e4tts Fabriker<\/figcaption><\/figure>\n\n\n\n<figure class=\"wp-block-image size-large\"><a href=\"https:\/\/www.lindforsarkitekt.se\/?page_id=359\"><img loading=\"lazy\" decoding=\"async\" width=\"709\" height=\"337\" data-id=\"360\" src=\"https:\/\/www.lindforsarkitekt.se\/wp-content\/uploads\/2024\/08\/Fasad_ny.jpg\" alt=\"\" class=\"wp-image-360\" srcset=\"https:\/\/www.lindforsarkitekt.se\/wp-content\/uploads\/2024\/08\/Fasad_ny.jpg 709w, https:\/\/www.lindforsarkitekt.se\/wp-content\/uploads\/2024\/08\/Fasad_ny-300x143.jpg 300w, https:\/\/www.lindforsarkitekt.se\/wp-content\/uploads\/2024\/08\/Fasad_ny-600x285.jpg 600w\" sizes=\"auto, (max-width: 709px) 100vw, 709px\" \/><\/a><figcaption class=\"wp-element-caption\">Ombyggnad GE Marieholm<\/figcaption><\/figure>\n<\/figure>\n\n\n\n<p><\/p>\n","protected":false},"excerpt":{"rendered":"","protected":false},"author":1,"featured_media":0,"parent":0,"menu_order":0,"comment_status":"closed","ping_status":"closed","template":"","meta":{"_monsterinsights_skip_tracking":false,"_monsterinsights_sitenote_active":false,"_monsterinsights_sitenote_note":"","_monsterinsights_sitenote_category":0,"footnotes":""},"class_list":["post-134","page","type-page","status-publish","hentry"],"yoast_head":"<!-- This site is optimized with the Yoast SEO plugin v27.5 - https:\/\/yoast.com\/product\/yoast-seo-wordpress\/ -->\n<title>Projekt - Lindfors Arkitektkontor AB<\/title>\n<meta name=\"robots\" content=\"index, follow, max-snippet:-1, max-image-preview:large, max-video-preview:-1\" \/>\n<link rel=\"canonical\" href=\"https:\/\/www.lindforsarkitekt.se\/\" \/>\n<meta property=\"og:locale\" content=\"sv_SE\" \/>\n<meta property=\"og:type\" content=\"article\" \/>\n<meta property=\"og:title\" content=\"Projekt - Lindfors Arkitektkontor AB\" \/>\n<meta property=\"og:url\" content=\"https:\/\/www.lindforsarkitekt.se\/\" \/>\n<meta property=\"og:site_name\" content=\"Lindfors Arkitektkontor AB\" \/>\n<meta property=\"article:modified_time\" content=\"2026-04-27T13:57:19+00:00\" \/>\n<meta property=\"og:image\" content=\"https:\/\/www.lindforsarkitekt.se\/wp-content\/uploads\/2026\/04\/8-edited.jpg\" \/>\n\t<meta property=\"og:image:width\" content=\"1306\" \/>\n\t<meta property=\"og:image:height\" content=\"735\" \/>\n\t<meta property=\"og:image:type\" content=\"image\/jpeg\" \/>\n<meta name=\"twitter:card\" content=\"summary_large_image\" \/>\n<meta name=\"twitter:label1\" content=\"Ber\u00e4knad l\u00e4stid\" \/>\n\t<meta name=\"twitter:data1\" content=\"4 minuter\" \/>\n<script type=\"application\/ld+json\" class=\"yoast-schema-graph\">{\"@context\":\"https:\\\/\\\/schema.org\",\"@graph\":[{\"@type\":\"WebPage\",\"@id\":\"https:\\\/\\\/www.lindforsarkitekt.se\\\/\",\"url\":\"https:\\\/\\\/www.lindforsarkitekt.se\\\/\",\"name\":\"Projekt - Lindfors Arkitektkontor AB\",\"isPartOf\":{\"@id\":\"https:\\\/\\\/www.lindforsarkitekt.se\\\/#website\"},\"primaryImageOfPage\":{\"@id\":\"https:\\\/\\\/www.lindforsarkitekt.se\\\/#primaryimage\"},\"image\":{\"@id\":\"https:\\\/\\\/www.lindforsarkitekt.se\\\/#primaryimage\"},\"thumbnailUrl\":\"https:\\\/\\\/www.lindforsarkitekt.se\\\/wp-content\\\/uploads\\\/2026\\\/04\\\/8-edited-1024x576.jpg\",\"datePublished\":\"2024-08-26T08:40:53+00:00\",\"dateModified\":\"2026-04-27T13:57:19+00:00\",\"breadcrumb\":{\"@id\":\"https:\\\/\\\/www.lindforsarkitekt.se\\\/#breadcrumb\"},\"inLanguage\":\"sv-SE\",\"potentialAction\":[{\"@type\":\"ReadAction\",\"target\":[\"https:\\\/\\\/www.lindforsarkitekt.se\\\/\"]}]},{\"@type\":\"ImageObject\",\"inLanguage\":\"sv-SE\",\"@id\":\"https:\\\/\\\/www.lindforsarkitekt.se\\\/#primaryimage\",\"url\":\"https:\\\/\\\/www.lindforsarkitekt.se\\\/wp-content\\\/uploads\\\/2026\\\/04\\\/8-edited.jpg\",\"contentUrl\":\"https:\\\/\\\/www.lindforsarkitekt.se\\\/wp-content\\\/uploads\\\/2026\\\/04\\\/8-edited.jpg\",\"width\":1306,\"height\":735,\"caption\":\"Om- och tillbyggnad av Skogskapellet i Kungabacka\"},{\"@type\":\"BreadcrumbList\",\"@id\":\"https:\\\/\\\/www.lindforsarkitekt.se\\\/#breadcrumb\",\"itemListElement\":[{\"@type\":\"ListItem\",\"position\":1,\"name\":\"Home\",\"item\":\"https:\\\/\\\/www.lindforsarkitekt.se\\\/\"},{\"@type\":\"ListItem\",\"position\":2,\"name\":\"Projekt\"}]},{\"@type\":\"WebSite\",\"@id\":\"https:\\\/\\\/www.lindforsarkitekt.se\\\/#website\",\"url\":\"https:\\\/\\\/www.lindforsarkitekt.se\\\/\",\"name\":\"Lindfors Arkitektkontor AB\",\"description\":\"\",\"publisher\":{\"@id\":\"https:\\\/\\\/www.lindforsarkitekt.se\\\/#organization\"},\"potentialAction\":[{\"@type\":\"SearchAction\",\"target\":{\"@type\":\"EntryPoint\",\"urlTemplate\":\"https:\\\/\\\/www.lindforsarkitekt.se\\\/?s={search_term_string}\"},\"query-input\":{\"@type\":\"PropertyValueSpecification\",\"valueRequired\":true,\"valueName\":\"search_term_string\"}}],\"inLanguage\":\"sv-SE\"},{\"@type\":\"Organization\",\"@id\":\"https:\\\/\\\/www.lindforsarkitekt.se\\\/#organization\",\"name\":\"Lindfors Arkitektkontor AB\",\"url\":\"https:\\\/\\\/www.lindforsarkitekt.se\\\/\",\"logo\":{\"@type\":\"ImageObject\",\"inLanguage\":\"sv-SE\",\"@id\":\"https:\\\/\\\/www.lindforsarkitekt.se\\\/#\\\/schema\\\/logo\\\/image\\\/\",\"url\":\"https:\\\/\\\/www.lindforsarkitekt.se\\\/wp-content\\\/uploads\\\/2024\\\/08\\\/Lindfors-logo_vit_utan-linje.png\",\"contentUrl\":\"https:\\\/\\\/www.lindforsarkitekt.se\\\/wp-content\\\/uploads\\\/2024\\\/08\\\/Lindfors-logo_vit_utan-linje.png\",\"width\":5942,\"height\":1226,\"caption\":\"Lindfors Arkitektkontor AB\"},\"image\":{\"@id\":\"https:\\\/\\\/www.lindforsarkitekt.se\\\/#\\\/schema\\\/logo\\\/image\\\/\"}}]}<\/script>\n<!-- \/ Yoast SEO plugin. -->","yoast_head_json":{"title":"Projekt - Lindfors Arkitektkontor AB","robots":{"index":"index","follow":"follow","max-snippet":"max-snippet:-1","max-image-preview":"max-image-preview:large","max-video-preview":"max-video-preview:-1"},"canonical":"https:\/\/www.lindforsarkitekt.se\/","og_locale":"sv_SE","og_type":"article","og_title":"Projekt - Lindfors Arkitektkontor AB","og_url":"https:\/\/www.lindforsarkitekt.se\/","og_site_name":"Lindfors Arkitektkontor AB","article_modified_time":"2026-04-27T13:57:19+00:00","og_image":[{"width":1306,"height":735,"url":"https:\/\/www.lindforsarkitekt.se\/wp-content\/uploads\/2026\/04\/8-edited.jpg","type":"image\/jpeg"}],"twitter_card":"summary_large_image","twitter_misc":{"Ber\u00e4knad l\u00e4stid":"4 minuter"},"schema":{"@context":"https:\/\/schema.org","@graph":[{"@type":"WebPage","@id":"https:\/\/www.lindforsarkitekt.se\/","url":"https:\/\/www.lindforsarkitekt.se\/","name":"Projekt - Lindfors Arkitektkontor AB","isPartOf":{"@id":"https:\/\/www.lindforsarkitekt.se\/#website"},"primaryImageOfPage":{"@id":"https:\/\/www.lindforsarkitekt.se\/#primaryimage"},"image":{"@id":"https:\/\/www.lindforsarkitekt.se\/#primaryimage"},"thumbnailUrl":"https:\/\/www.lindforsarkitekt.se\/wp-content\/uploads\/2026\/04\/8-edited-1024x576.jpg","datePublished":"2024-08-26T08:40:53+00:00","dateModified":"2026-04-27T13:57:19+00:00","breadcrumb":{"@id":"https:\/\/www.lindforsarkitekt.se\/#breadcrumb"},"inLanguage":"sv-SE","potentialAction":[{"@type":"ReadAction","target":["https:\/\/www.lindforsarkitekt.se\/"]}]},{"@type":"ImageObject","inLanguage":"sv-SE","@id":"https:\/\/www.lindforsarkitekt.se\/#primaryimage","url":"https:\/\/www.lindforsarkitekt.se\/wp-content\/uploads\/2026\/04\/8-edited.jpg","contentUrl":"https:\/\/www.lindforsarkitekt.se\/wp-content\/uploads\/2026\/04\/8-edited.jpg","width":1306,"height":735,"caption":"Om- och tillbyggnad av Skogskapellet i Kungabacka"},{"@type":"BreadcrumbList","@id":"https:\/\/www.lindforsarkitekt.se\/#breadcrumb","itemListElement":[{"@type":"ListItem","position":1,"name":"Home","item":"https:\/\/www.lindforsarkitekt.se\/"},{"@type":"ListItem","position":2,"name":"Projekt"}]},{"@type":"WebSite","@id":"https:\/\/www.lindforsarkitekt.se\/#website","url":"https:\/\/www.lindforsarkitekt.se\/","name":"Lindfors Arkitektkontor AB","description":"","publisher":{"@id":"https:\/\/www.lindforsarkitekt.se\/#organization"},"potentialAction":[{"@type":"SearchAction","target":{"@type":"EntryPoint","urlTemplate":"https:\/\/www.lindforsarkitekt.se\/?s={search_term_string}"},"query-input":{"@type":"PropertyValueSpecification","valueRequired":true,"valueName":"search_term_string"}}],"inLanguage":"sv-SE"},{"@type":"Organization","@id":"https:\/\/www.lindforsarkitekt.se\/#organization","name":"Lindfors Arkitektkontor AB","url":"https:\/\/www.lindforsarkitekt.se\/","logo":{"@type":"ImageObject","inLanguage":"sv-SE","@id":"https:\/\/www.lindforsarkitekt.se\/#\/schema\/logo\/image\/","url":"https:\/\/www.lindforsarkitekt.se\/wp-content\/uploads\/2024\/08\/Lindfors-logo_vit_utan-linje.png","contentUrl":"https:\/\/www.lindforsarkitekt.se\/wp-content\/uploads\/2024\/08\/Lindfors-logo_vit_utan-linje.png","width":5942,"height":1226,"caption":"Lindfors Arkitektkontor AB"},"image":{"@id":"https:\/\/www.lindforsarkitekt.se\/#\/schema\/logo\/image\/"}}]}},"featured_media_urls":[],"_links":{"self":[{"href":"https:\/\/www.lindforsarkitekt.se\/index.php?rest_route=\/wp\/v2\/pages\/134","targetHints":{"allow":["GET"]}}],"collection":[{"href":"https:\/\/www.lindforsarkitekt.se\/index.php?rest_route=\/wp\/v2\/pages"}],"about":[{"href":"https:\/\/www.lindforsarkitekt.se\/index.php?rest_route=\/wp\/v2\/types\/page"}],"author":[{"embeddable":true,"href":"https:\/\/www.lindforsarkitekt.se\/index.php?rest_route=\/wp\/v2\/users\/1"}],"replies":[{"embeddable":true,"href":"https:\/\/www.lindforsarkitekt.se\/index.php?rest_route=%2Fwp%2Fv2%2Fcomments&post=134"}],"version-history":[{"count":6,"href":"https:\/\/www.lindforsarkitekt.se\/index.php?rest_route=\/wp\/v2\/pages\/134\/revisions"}],"predecessor-version":[{"id":806,"href":"https:\/\/www.lindforsarkitekt.se\/index.php?rest_route=\/wp\/v2\/pages\/134\/revisions\/806"}],"wp:attachment":[{"href":"https:\/\/www.lindforsarkitekt.se\/index.php?rest_route=%2Fwp%2Fv2%2Fmedia&parent=134"}],"curies":[{"name":"wp","href":"https:\/\/api.w.org\/{rel}","templated":true}]}}